{"id":27478,"date":"2023-04-13T12:58:04","date_gmt":"2023-04-13T08:58:04","guid":{"rendered":"https:\/\/ajbever.com\/declarations\/"},"modified":"2025-02-19T13:45:08","modified_gmt":"2025-02-19T09:45:08","slug":"announcements","status":"publish","type":"page","link":"https:\/\/ajbever.com\/fr\/announcements\/","title":{"rendered":"D\u00e9clarations"},"content":{"rendered":"\t\t<div data-elementor-type=\"wp-page\" data-elementor-id=\"27478\" class=\"elementor elementor-27478 elementor-10646\" data-elementor-post-type=\"page\">\n\t\t\t\t\t\t<section class=\"elementor-section elementor-top-section elementor-element elementor-element-6ffd5ad elementor-section-boxed elementor-section-height-default elementor-section-height-default\" data-id=\"6ffd5ad\" data-element_type=\"section\" data-settings=\"{&quot;ekit_has_onepagescroll_dot&quot;:&quot;yes&quot;}\">\n\t\t\t\t\t\t<div class=\"elementor-container elementor-column-gap-default\">\n\t\t\t\t\t<div class=\"elementor-column elementor-col-100 elementor-top-column elementor-element elementor-element-f352f38\" data-id=\"f352f38\" data-element_type=\"column\">\n\t\t\t<div class=\"elementor-widget-wrap elementor-element-populated\">\n\t\t\t\t\t\t<div class=\"elementor-element elementor-element-77caeae elementor-grid-3 elementor-grid-tablet-2 elementor-grid-mobile-1 elementor-posts--thumbnail-top elementor-posts__hover-gradient elementor-widget elementor-widget-posts\" data-id=\"77caeae\" data-element_type=\"widget\" data-settings=\"{&quot;pagination_type&quot;:&quot;prev_next&quot;,&quot;cards_columns&quot;:&quot;3&quot;,&quot;cards_columns_tablet&quot;:&quot;2&quot;,&quot;cards_columns_mobile&quot;:&quot;1&quot;,&quot;cards_row_gap&quot;:{&quot;unit&quot;:&quot;px&quot;,&quot;size&quot;:35,&quot;sizes&quot;:[]},&quot;cards_row_gap_tablet&quot;:{&quot;unit&quot;:&quot;px&quot;,&quot;size&quot;:&quot;&quot;,&quot;sizes&quot;:[]},&quot;cards_row_gap_mobile&quot;:{&quot;unit&quot;:&quot;px&quot;,&quot;size&quot;:&quot;&quot;,&quot;sizes&quot;:[]},&quot;ekit_we_effect_on&quot;:&quot;none&quot;}\" data-widget_type=\"posts.cards\">\n\t\t\t\t<div class=\"elementor-widget-container\">\n\t\t\t\t\t\t\t<div class=\"elementor-posts-container elementor-posts elementor-posts--skin-cards elementor-grid\">\n\t\t\t\t<article class=\"elementor-post elementor-grid-item post-30468 post type-post status-publish format-standard has-post-thumbnail hentry category-blog-fr category-non-classifiee\">\n\t\t\t<div class=\"elementor-post__card\">\n\t\t\t\t<a class=\"elementor-post__thumbnail__link\" href=\"https:\/\/ajbever.com\/fr\/2026-04-06\/\" tabindex=\"-1\" ><div class=\"elementor-post__thumbnail\"><img fetchpriority=\"high\" decoding=\"async\" width=\"1200\" height=\"628\" src=\"https:\/\/ajbever.com\/wp-content\/uploads\/2026\/04\/va.jpeg\" class=\"attachment-full size-full wp-image-30440\" alt=\"\" srcset=\"https:\/\/ajbever.com\/wp-content\/uploads\/2026\/04\/va.jpeg 1200w, https:\/\/ajbever.com\/wp-content\/uploads\/2026\/04\/va-300x157.jpeg 300w, https:\/\/ajbever.com\/wp-content\/uploads\/2026\/04\/va-1024x536.jpeg 1024w, https:\/\/ajbever.com\/wp-content\/uploads\/2026\/04\/va-768x402.jpeg 768w\" sizes=\"(max-width: 1200px) 100vw, 1200px\" \/><\/div><\/a>\n\t\t\t\t<div class=\"elementor-post__text\">\n\t\t\t\t<h3 class=\"elementor-post__title\">\n\t\t\t<a href=\"https:\/\/ajbever.com\/fr\/2026-04-06\/\" >\n\t\t\t\tSur la participation aux prochaines \u00c9lections parlementaires de la r\u00c9publique d\u2019Arm\u00c9nie\t\t\t<\/a>\n\t\t<\/h3>\n\t\t\t\t<div class=\"elementor-post__excerpt\">\n\t\t\t<p>SUR LA PARTICIPATION AUX PROCHAINES \u00c9LECTIONS PARLEMENTAIRES DE LA R\u00c9PUBLIQUE D\u2019ARM\u00c9NIE La R\u00e9publique d\u2019Arm\u00e9nie se trouve aujourd\u2019hui face \u00e0 un choix historique. La souverainet\u00e9 de<\/p>\n\t\t<\/div>\n\t\t\t\t\t<div class=\"elementor-post__read-more-wrapper\">\n\t\t\n\t\t<a class=\"elementor-post__read-more\" href=\"https:\/\/ajbever.com\/fr\/2026-04-06\/\" aria-label=\"En savoir plus sur Sur la participation aux prochaines \u00c9lections parlementaires de la r\u00c9publique d\u2019Arm\u00c9nie\" tabindex=\"-1\" >\n\t\t\tPlus \u00bb\t\t<\/a>\n\n\t\t\t\t\t<\/div>\n\t\t\t\t<\/div>\n\t\t\t\t\t<\/div>\n\t\t<\/article>\n\t\t\t\t<article class=\"elementor-post elementor-grid-item post-30368 post type-post status-publish format-standard has-post-thumbnail hentry category-blog-fr category-non-classifiee\">\n\t\t\t<div class=\"elementor-post__card\">\n\t\t\t\t<a class=\"elementor-post__thumbnail__link\" href=\"https:\/\/ajbever.com\/fr\/messages-dangereux-contre-la-souverainete-de-larmenie-en-provenance-de-bakou\/\" tabindex=\"-1\" ><div class=\"elementor-post__thumbnail\"><img decoding=\"async\" width=\"1200\" height=\"628\" src=\"https:\/\/ajbever.com\/wp-content\/uploads\/2025\/02\/FI-LAlliance-Nationale-Democratique.jpeg\" class=\"attachment-full size-full wp-image-27486\" alt=\"\" srcset=\"https:\/\/ajbever.com\/wp-content\/uploads\/2025\/02\/FI-LAlliance-Nationale-Democratique.jpeg 1200w, https:\/\/ajbever.com\/wp-content\/uploads\/2025\/02\/FI-LAlliance-Nationale-Democratique-300x157.jpeg 300w, https:\/\/ajbever.com\/wp-content\/uploads\/2025\/02\/FI-LAlliance-Nationale-Democratique-1024x536.jpeg 1024w, https:\/\/ajbever.com\/wp-content\/uploads\/2025\/02\/FI-LAlliance-Nationale-Democratique-768x402.jpeg 768w\" sizes=\"(max-width: 1200px) 100vw, 1200px\" \/><\/div><\/a>\n\t\t\t\t<div class=\"elementor-post__text\">\n\t\t\t\t<h3 class=\"elementor-post__title\">\n\t\t\t<a href=\"https:\/\/ajbever.com\/fr\/messages-dangereux-contre-la-souverainete-de-larmenie-en-provenance-de-bakou\/\" >\n\t\t\t\tMESSAGES DANGEREUX CONTRE LA SOUVERAINET\u00c9 DE L\u2019ARM\u00c9NIE EN PROVENANCE DE BAKOU\t\t\t<\/a>\n\t\t<\/h3>\n\t\t\t\t<div class=\"elementor-post__excerpt\">\n\t\t\t<p>D\u00c9CLARATION Les r\u00e9centes d\u00e9clarations du chef spirituel de l\u2019Azerba\u00efdjan, Allahshukur Pashazade, prononc\u00e9es dans le cadre de l\u2019initiative ouvertement expansionniste dite \u00ab Azerba\u00efdjan occidental \u00bb, d\u00e9montrent<\/p>\n\t\t<\/div>\n\t\t\t\t\t<div class=\"elementor-post__read-more-wrapper\">\n\t\t\n\t\t<a class=\"elementor-post__read-more\" href=\"https:\/\/ajbever.com\/fr\/messages-dangereux-contre-la-souverainete-de-larmenie-en-provenance-de-bakou\/\" aria-label=\"En savoir plus sur MESSAGES DANGEREUX CONTRE LA SOUVERAINET\u00c9 DE L\u2019ARM\u00c9NIE EN PROVENANCE DE BAKOU\" tabindex=\"-1\" >\n\t\t\tPlus \u00bb\t\t<\/a>\n\n\t\t\t\t\t<\/div>\n\t\t\t\t<\/div>\n\t\t\t\t\t<\/div>\n\t\t<\/article>\n\t\t\t\t<article class=\"elementor-post elementor-grid-item post-30353 post type-post status-publish format-standard has-post-thumbnail hentry category-blog-fr category-non-classifiee\">\n\t\t\t<div class=\"elementor-post__card\">\n\t\t\t\t<a class=\"elementor-post__thumbnail__link\" href=\"https:\/\/ajbever.com\/fr\/linsurrection-de-fevrier-1921-na-pas-eclate-dans-un-moment-de-force-mais-dans-un-moment-depuisement\/\" tabindex=\"-1\" ><div class=\"elementor-post__thumbnail\"><img decoding=\"async\" width=\"1200\" height=\"628\" src=\"https:\/\/ajbever.com\/wp-content\/uploads\/2025\/02\/February.jpg\" class=\"attachment-full size-full wp-image-27572\" alt=\"\" srcset=\"https:\/\/ajbever.com\/wp-content\/uploads\/2025\/02\/February.jpg 1200w, https:\/\/ajbever.com\/wp-content\/uploads\/2025\/02\/February-300x157.jpg 300w, https:\/\/ajbever.com\/wp-content\/uploads\/2025\/02\/February-1024x536.jpg 1024w, https:\/\/ajbever.com\/wp-content\/uploads\/2025\/02\/February-768x402.jpg 768w\" sizes=\"(max-width: 1200px) 100vw, 1200px\" \/><\/div><\/a>\n\t\t\t\t<div class=\"elementor-post__text\">\n\t\t\t\t<h3 class=\"elementor-post__title\">\n\t\t\t<a href=\"https:\/\/ajbever.com\/fr\/linsurrection-de-fevrier-1921-na-pas-eclate-dans-un-moment-de-force-mais-dans-un-moment-depuisement\/\" >\n\t\t\t\tL&rsquo;insurrection de f\u00e9vrier 1921 n\u2019a pas \u00e9clat\u00e9 dans un moment de force, mais dans un moment d\u2019\u00e9puisement.\t\t\t<\/a>\n\t\t<\/h3>\n\t\t\t\t<div class=\"elementor-post__excerpt\">\n\t\t\t<p>L&rsquo;insurrection de f\u00e9vrier 1921 n\u2019a pas \u00e9clat\u00e9 dans un moment de force, mais dans un moment d\u2019\u00e9puisement. Le peuple arm\u00e9nien venait de traverser le g\u00e9nocide,<\/p>\n\t\t<\/div>\n\t\t\t\t\t<div class=\"elementor-post__read-more-wrapper\">\n\t\t\n\t\t<a class=\"elementor-post__read-more\" href=\"https:\/\/ajbever.com\/fr\/linsurrection-de-fevrier-1921-na-pas-eclate-dans-un-moment-de-force-mais-dans-un-moment-depuisement\/\" aria-label=\"En savoir plus sur L&rsquo;insurrection de f\u00e9vrier 1921 n\u2019a pas \u00e9clat\u00e9 dans un moment de force, mais dans un moment d\u2019\u00e9puisement.\" tabindex=\"-1\" >\n\t\t\tPlus \u00bb\t\t<\/a>\n\n\t\t\t\t\t<\/div>\n\t\t\t\t<\/div>\n\t\t\t\t\t<\/div>\n\t\t<\/article>\n\t\t\t\t<article class=\"elementor-post elementor-grid-item post-30340 post type-post status-publish format-standard has-post-thumbnail hentry category-blog-fr category-non-classifiee\">\n\t\t\t<div class=\"elementor-post__card\">\n\t\t\t\t<a class=\"elementor-post__thumbnail__link\" href=\"https:\/\/ajbever.com\/fr\/precedent-dangereux-contre-lautogouvernance-de-leglise\/\" tabindex=\"-1\" ><div class=\"elementor-post__thumbnail\"><img loading=\"lazy\" decoding=\"async\" width=\"1200\" height=\"628\" src=\"https:\/\/ajbever.com\/wp-content\/uploads\/2026\/02\/FIB-Echmiadzin.jpg\" class=\"attachment-full size-full wp-image-30326\" alt=\"\" srcset=\"https:\/\/ajbever.com\/wp-content\/uploads\/2026\/02\/FIB-Echmiadzin.jpg 1200w, https:\/\/ajbever.com\/wp-content\/uploads\/2026\/02\/FIB-Echmiadzin-300x157.jpg 300w, https:\/\/ajbever.com\/wp-content\/uploads\/2026\/02\/FIB-Echmiadzin-1024x536.jpg 1024w, https:\/\/ajbever.com\/wp-content\/uploads\/2026\/02\/FIB-Echmiadzin-768x402.jpg 768w\" sizes=\"(max-width: 1200px) 100vw, 1200px\" \/><\/div><\/a>\n\t\t\t\t<div class=\"elementor-post__text\">\n\t\t\t\t<h3 class=\"elementor-post__title\">\n\t\t\t<a href=\"https:\/\/ajbever.com\/fr\/precedent-dangereux-contre-lautogouvernance-de-leglise\/\" >\n\t\t\t\tPR\u00c9C\u00c9DENT DANGEREUX CONTRE L\u2019AUTOGOUVERNANCE DE L\u2019\u00c9GLISE\t\t\t<\/a>\n\t\t<\/h3>\n\t\t\t\t<div class=\"elementor-post__excerpt\">\n\t\t\t<p>PR\u00c9C\u00c9DENT DANGEREUX CONTRE L\u2019AUTOGOUVERNANCE DE L\u2019\u00c9GLISE D\u00e9claration de l\u2019Alliance nationale-d\u00e9mocratique Poursuivant les pr\u00e9occupations exprim\u00e9es dans notre pr\u00e9c\u00e9dente d\u00e9claration, nous condamnons fermement les derniers d\u00e9veloppements, dans<\/p>\n\t\t<\/div>\n\t\t\t\t\t<div class=\"elementor-post__read-more-wrapper\">\n\t\t\n\t\t<a class=\"elementor-post__read-more\" href=\"https:\/\/ajbever.com\/fr\/precedent-dangereux-contre-lautogouvernance-de-leglise\/\" aria-label=\"En savoir plus sur PR\u00c9C\u00c9DENT DANGEREUX CONTRE L\u2019AUTOGOUVERNANCE DE L\u2019\u00c9GLISE\" tabindex=\"-1\" >\n\t\t\tPlus \u00bb\t\t<\/a>\n\n\t\t\t\t\t<\/div>\n\t\t\t\t<\/div>\n\t\t\t\t\t<\/div>\n\t\t<\/article>\n\t\t\t\t<article class=\"elementor-post elementor-grid-item post-30338 post type-post status-publish format-standard has-post-thumbnail hentry category-blog-fr category-non-classifiee\">\n\t\t\t<div class=\"elementor-post__card\">\n\t\t\t\t<a class=\"elementor-post__thumbnail__link\" href=\"https:\/\/ajbever.com\/fr\/a-loccasion-de-la-visite-de-j-d-vance-en-armenie\/\" tabindex=\"-1\" ><div class=\"elementor-post__thumbnail\"><img loading=\"lazy\" decoding=\"async\" width=\"1200\" height=\"628\" src=\"https:\/\/ajbever.com\/wp-content\/uploads\/2026\/02\/jdv.jpeg\" class=\"attachment-full size-full wp-image-30309\" alt=\"\" srcset=\"https:\/\/ajbever.com\/wp-content\/uploads\/2026\/02\/jdv.jpeg 1200w, https:\/\/ajbever.com\/wp-content\/uploads\/2026\/02\/jdv-300x157.jpeg 300w, https:\/\/ajbever.com\/wp-content\/uploads\/2026\/02\/jdv-1024x536.jpeg 1024w, https:\/\/ajbever.com\/wp-content\/uploads\/2026\/02\/jdv-768x402.jpeg 768w\" sizes=\"(max-width: 1200px) 100vw, 1200px\" \/><\/div><\/a>\n\t\t\t\t<div class=\"elementor-post__text\">\n\t\t\t\t<h3 class=\"elementor-post__title\">\n\t\t\t<a href=\"https:\/\/ajbever.com\/fr\/a-loccasion-de-la-visite-de-j-d-vance-en-armenie\/\" >\n\t\t\t\t\u00c0 l\u2019occasion de la visite de J.D. Vance en Arm\u00e9nie\t\t\t<\/a>\n\t\t<\/h3>\n\t\t\t\t<div class=\"elementor-post__excerpt\">\n\t\t\t<p>D\u00c9CLARATION \u00c0 l\u2019occasion de la visite de J.D. Vance en Arm\u00e9nie L\u2019Alliance Nationale-D\u00e9mocratique salue la visite en R\u00e9publique d\u2019Arm\u00e9nie du vice-pr\u00e9sident des \u00c9tats-Unis, J.D. Vance,<\/p>\n\t\t<\/div>\n\t\t\t\t\t<div class=\"elementor-post__read-more-wrapper\">\n\t\t\n\t\t<a class=\"elementor-post__read-more\" href=\"https:\/\/ajbever.com\/fr\/a-loccasion-de-la-visite-de-j-d-vance-en-armenie\/\" aria-label=\"En savoir plus sur \u00c0 l\u2019occasion de la visite de J.D. Vance en Arm\u00e9nie\" tabindex=\"-1\" >\n\t\t\tPlus \u00bb\t\t<\/a>\n\n\t\t\t\t\t<\/div>\n\t\t\t\t<\/div>\n\t\t\t\t\t<\/div>\n\t\t<\/article>\n\t\t\t\t<article class=\"elementor-post elementor-grid-item post-30252 post type-post status-publish format-standard has-post-thumbnail hentry category-blog-fr category-non-classifiee\">\n\t\t\t<div class=\"elementor-post__card\">\n\t\t\t\t<a class=\"elementor-post__thumbnail__link\" href=\"https:\/\/ajbever.com\/fr\/ces-derniers-jours-nous-sommes-temoins-de-nouvelles-initiatives-dangereuses-du-regime-collaborationniste-en-place-visant-a-intensifier-les-pressions-systematiques-exercees-contre-leglise-ap\/\" tabindex=\"-1\" ><div class=\"elementor-post__thumbnail\"><img loading=\"lazy\" decoding=\"async\" width=\"1200\" height=\"628\" src=\"https:\/\/ajbever.com\/wp-content\/uploads\/2025\/05\/echmiadzin.jpeg\" class=\"attachment-full size-full wp-image-28285\" alt=\"\" srcset=\"https:\/\/ajbever.com\/wp-content\/uploads\/2025\/05\/echmiadzin.jpeg 1200w, https:\/\/ajbever.com\/wp-content\/uploads\/2025\/05\/echmiadzin-300x157.jpeg 300w, https:\/\/ajbever.com\/wp-content\/uploads\/2025\/05\/echmiadzin-1024x536.jpeg 1024w, https:\/\/ajbever.com\/wp-content\/uploads\/2025\/05\/echmiadzin-768x402.jpeg 768w\" sizes=\"(max-width: 1200px) 100vw, 1200px\" \/><\/div><\/a>\n\t\t\t\t<div class=\"elementor-post__text\">\n\t\t\t\t<h3 class=\"elementor-post__title\">\n\t\t\t<a href=\"https:\/\/ajbever.com\/fr\/ces-derniers-jours-nous-sommes-temoins-de-nouvelles-initiatives-dangereuses-du-regime-collaborationniste-en-place-visant-a-intensifier-les-pressions-systematiques-exercees-contre-leglise-ap\/\" >\n\t\t\t\tCes derniers jours, nous sommes t\u00e9moins de nouvelles initiatives dangereuses du r\u00e9gime collaborationniste en place, visant \u00e0 intensifier les pressions syst\u00e9matiques exerc\u00e9es contre l\u2019\u00c9glise apostolique arm\u00e9nienne.\t\t\t<\/a>\n\t\t<\/h3>\n\t\t\t\t<div class=\"elementor-post__excerpt\">\n\t\t\t<p>D\u00c9CLARATION Ces derniers jours, nous sommes t\u00e9moins de nouvelles initiatives dangereuses du r\u00e9gime collaborationniste en place, visant \u00e0 intensifier les pressions syst\u00e9matiques exerc\u00e9es contre l\u2019\u00c9glise<\/p>\n\t\t<\/div>\n\t\t\t\t\t<div class=\"elementor-post__read-more-wrapper\">\n\t\t\n\t\t<a class=\"elementor-post__read-more\" href=\"https:\/\/ajbever.com\/fr\/ces-derniers-jours-nous-sommes-temoins-de-nouvelles-initiatives-dangereuses-du-regime-collaborationniste-en-place-visant-a-intensifier-les-pressions-systematiques-exercees-contre-leglise-ap\/\" aria-label=\"En savoir plus sur Ces derniers jours, nous sommes t\u00e9moins de nouvelles initiatives dangereuses du r\u00e9gime collaborationniste en place, visant \u00e0 intensifier les pressions syst\u00e9matiques exerc\u00e9es contre l\u2019\u00c9glise apostolique arm\u00e9nienne.\" tabindex=\"-1\" >\n\t\t\tPlus \u00bb\t\t<\/a>\n\n\t\t\t\t\t<\/div>\n\t\t\t\t<\/div>\n\t\t\t\t\t<\/div>\n\t\t<\/article>\n\t\t\t\t<\/div>\n\t\t\n\t\t\t\t<div class=\"e-load-more-anchor\" data-page=\"1\" data-max-page=\"9\" data-next-page=\"https:\/\/ajbever.com\/fr\/wp-json\/wp\/v2\/pages\/27478\/page\/2\/\"><\/div>\n\t\t\t\t<nav class=\"elementor-pagination\" aria-label=\"Pagination\">\n\t\t\t<span class=\"page-numbers prev\">&laquo; Pr\u00e9c\u00e9dent<\/span>\n<a class=\"page-numbers next\" href=\"https:\/\/ajbever.com\/fr\/wp-json\/wp\/v2\/pages\/27478\/page\/2\/\">Suivant &raquo;<\/a>\t\t<\/nav>\n\t\t\t\t\t\t<\/div>\n\t\t\t\t<\/div>\n\t\t\t\t\t<\/div>\n\t\t<\/div>\n\t\t\t\t\t<\/div>\n\t\t<\/section>\n\t\t\t\t<\/div>\n\t\t","protected":false},"excerpt":{"rendered":"","protected":false},"author":1,"featured_media":27486,"parent":0,"menu_order":0,"comment_status":"closed","ping_status":"closed","template":"","meta":{"give_campaign_id":0,"footnotes":""},"class_list":["post-27478","page","type-page","status-publish","has-post-thumbnail","hentry"],"yoast_head":"<!-- This site is optimized with the Yoast SEO plugin v26.1.1 - https:\/\/yoast.com\/wordpress\/plugins\/seo\/ -->\n<title>D\u00e9clarations - Ajbever<\/title>\n<meta name=\"robots\" content=\"index, follow, max-snippet:-1, max-image-preview:large, max-video-preview:-1\" \/>\n<link rel=\"canonical\" href=\"https:\/\/ajbever.com\/fr\/announcements\/\" \/>\n<meta property=\"og:locale\" content=\"fr_FR\" \/>\n<meta property=\"og:type\" content=\"article\" \/>\n<meta property=\"og:title\" content=\"D\u00e9clarations - Ajbever\" \/>\n<meta property=\"og:url\" content=\"https:\/\/ajbever.com\/fr\/announcements\/\" \/>\n<meta property=\"og:site_name\" content=\"Ajbever\" \/>\n<meta property=\"article:publisher\" content=\"https:\/\/www.facebook.com\/NatDemAlliance\/\" \/>\n<meta property=\"article:modified_time\" content=\"2025-02-19T09:45:08+00:00\" \/>\n<meta property=\"og:image\" content=\"https:\/\/ajbever.com\/wp-content\/uploads\/2025\/02\/FI-LAlliance-Nationale-Democratique.jpeg\" \/>\n\t<meta property=\"og:image:width\" content=\"1200\" \/>\n\t<meta property=\"og:image:height\" content=\"628\" \/>\n\t<meta property=\"og:image:type\" content=\"image\/jpeg\" \/>\n<meta name=\"twitter:card\" content=\"summary_large_image\" \/>\n<meta name=\"twitter:label1\" content=\"Dur\u00e9e de lecture estim\u00e9e\" \/>\n\t<meta name=\"twitter:data1\" content=\"1 minute\" \/>\n<script type=\"application\/ld+json\" class=\"yoast-schema-graph\">{\"@context\":\"https:\/\/schema.org\",\"@graph\":[{\"@type\":\"WebPage\",\"@id\":\"https:\/\/ajbever.com\/fr\/announcements\/\",\"url\":\"https:\/\/ajbever.com\/fr\/announcements\/\",\"name\":\"D\u00e9clarations - Ajbever\",\"isPartOf\":{\"@id\":\"https:\/\/ajbever.com\/fr\/#website\"},\"primaryImageOfPage\":{\"@id\":\"https:\/\/ajbever.com\/fr\/announcements\/#primaryimage\"},\"image\":{\"@id\":\"https:\/\/ajbever.com\/fr\/announcements\/#primaryimage\"},\"thumbnailUrl\":\"https:\/\/ajbever.com\/wp-content\/uploads\/2025\/02\/FI-LAlliance-Nationale-Democratique.jpeg\",\"datePublished\":\"2023-04-13T08:58:04+00:00\",\"dateModified\":\"2025-02-19T09:45:08+00:00\",\"breadcrumb\":{\"@id\":\"https:\/\/ajbever.com\/fr\/announcements\/#breadcrumb\"},\"inLanguage\":\"fr-FR\",\"potentialAction\":[{\"@type\":\"ReadAction\",\"target\":[\"https:\/\/ajbever.com\/fr\/announcements\/\"]}]},{\"@type\":\"ImageObject\",\"inLanguage\":\"fr-FR\",\"@id\":\"https:\/\/ajbever.com\/fr\/announcements\/#primaryimage\",\"url\":\"https:\/\/ajbever.com\/wp-content\/uploads\/2025\/02\/FI-LAlliance-Nationale-Democratique.jpeg\",\"contentUrl\":\"https:\/\/ajbever.com\/wp-content\/uploads\/2025\/02\/FI-LAlliance-Nationale-Democratique.jpeg\",\"width\":1200,\"height\":628},{\"@type\":\"BreadcrumbList\",\"@id\":\"https:\/\/ajbever.com\/fr\/announcements\/#breadcrumb\",\"itemListElement\":[{\"@type\":\"ListItem\",\"position\":1,\"name\":\"Home\",\"item\":\"https:\/\/ajbever.com\/fr\/\"},{\"@type\":\"ListItem\",\"position\":2,\"name\":\"D\u00e9clarations\"}]},{\"@type\":\"WebSite\",\"@id\":\"https:\/\/ajbever.com\/fr\/#website\",\"url\":\"https:\/\/ajbever.com\/fr\/\",\"name\":\"\u0531\u0566\u0563\u0561\u0575\u056b\u0576-\u053a\u0578\u0572\u0578\u057e\u0580\u0564\u0561\u057e\u0561\u0580\u0561\u056f\u0561\u0576 \u0532\u0587\u0565\u057c\",\"description\":\"\",\"publisher\":{\"@id\":\"https:\/\/ajbever.com\/fr\/#organization\"},\"potentialAction\":[{\"@type\":\"SearchAction\",\"target\":{\"@type\":\"EntryPoint\",\"urlTemplate\":\"https:\/\/ajbever.com\/fr\/?s={search_term_string}\"},\"query-input\":{\"@type\":\"PropertyValueSpecification\",\"valueRequired\":true,\"valueName\":\"search_term_string\"}}],\"inLanguage\":\"fr-FR\"},{\"@type\":\"Organization\",\"@id\":\"https:\/\/ajbever.com\/fr\/#organization\",\"name\":\"\u0531\u0566\u0563\u0561\u0575\u056b\u0576-\u053a\u0578\u0572\u0578\u057e\u0580\u0564\u0561\u057e\u0561\u0580\u0561\u056f\u0561\u0576 \u0532\u0587\u0565\u057c\",\"url\":\"https:\/\/ajbever.com\/fr\/\",\"logo\":{\"@type\":\"ImageObject\",\"inLanguage\":\"fr-FR\",\"@id\":\"https:\/\/ajbever.com\/fr\/#\/schema\/logo\/image\/\",\"url\":\"https:\/\/ajbever.com\/wp-content\/uploads\/2023\/04\/Logo.webp\",\"contentUrl\":\"https:\/\/ajbever.com\/wp-content\/uploads\/2023\/04\/Logo.webp\",\"width\":200,\"height\":200,\"caption\":\"\u0531\u0566\u0563\u0561\u0575\u056b\u0576-\u053a\u0578\u0572\u0578\u057e\u0580\u0564\u0561\u057e\u0561\u0580\u0561\u056f\u0561\u0576 \u0532\u0587\u0565\u057c\"},\"image\":{\"@id\":\"https:\/\/ajbever.com\/fr\/#\/schema\/logo\/image\/\"},\"sameAs\":[\"https:\/\/www.facebook.com\/NatDemAlliance\/\",\"https:\/\/t.me\/ajbever\",\"https:\/\/www.youtube.com\/channel\/UC8RjjwNsx-AnN7s-_sSMXkw\"]}]}<\/script>\n<!-- \/ Yoast SEO plugin. -->","yoast_head_json":{"title":"D\u00e9clarations - Ajbever","robots":{"index":"index","follow":"follow","max-snippet":"max-snippet:-1","max-image-preview":"max-image-preview:large","max-video-preview":"max-video-preview:-1"},"canonical":"https:\/\/ajbever.com\/fr\/announcements\/","og_locale":"fr_FR","og_type":"article","og_title":"D\u00e9clarations - Ajbever","og_url":"https:\/\/ajbever.com\/fr\/announcements\/","og_site_name":"Ajbever","article_publisher":"https:\/\/www.facebook.com\/NatDemAlliance\/","article_modified_time":"2025-02-19T09:45:08+00:00","og_image":[{"width":1200,"height":628,"url":"https:\/\/ajbever.com\/wp-content\/uploads\/2025\/02\/FI-LAlliance-Nationale-Democratique.jpeg","type":"image\/jpeg"}],"twitter_card":"summary_large_image","twitter_misc":{"Dur\u00e9e de lecture estim\u00e9e":"1 minute"},"schema":{"@context":"https:\/\/schema.org","@graph":[{"@type":"WebPage","@id":"https:\/\/ajbever.com\/fr\/announcements\/","url":"https:\/\/ajbever.com\/fr\/announcements\/","name":"D\u00e9clarations - Ajbever","isPartOf":{"@id":"https:\/\/ajbever.com\/fr\/#website"},"primaryImageOfPage":{"@id":"https:\/\/ajbever.com\/fr\/announcements\/#primaryimage"},"image":{"@id":"https:\/\/ajbever.com\/fr\/announcements\/#primaryimage"},"thumbnailUrl":"https:\/\/ajbever.com\/wp-content\/uploads\/2025\/02\/FI-LAlliance-Nationale-Democratique.jpeg","datePublished":"2023-04-13T08:58:04+00:00","dateModified":"2025-02-19T09:45:08+00:00","breadcrumb":{"@id":"https:\/\/ajbever.com\/fr\/announcements\/#breadcrumb"},"inLanguage":"fr-FR","potentialAction":[{"@type":"ReadAction","target":["https:\/\/ajbever.com\/fr\/announcements\/"]}]},{"@type":"ImageObject","inLanguage":"fr-FR","@id":"https:\/\/ajbever.com\/fr\/announcements\/#primaryimage","url":"https:\/\/ajbever.com\/wp-content\/uploads\/2025\/02\/FI-LAlliance-Nationale-Democratique.jpeg","contentUrl":"https:\/\/ajbever.com\/wp-content\/uploads\/2025\/02\/FI-LAlliance-Nationale-Democratique.jpeg","width":1200,"height":628},{"@type":"BreadcrumbList","@id":"https:\/\/ajbever.com\/fr\/announcements\/#breadcrumb","itemListElement":[{"@type":"ListItem","position":1,"name":"Home","item":"https:\/\/ajbever.com\/fr\/"},{"@type":"ListItem","position":2,"name":"D\u00e9clarations"}]},{"@type":"WebSite","@id":"https:\/\/ajbever.com\/fr\/#website","url":"https:\/\/ajbever.com\/fr\/","name":"\u0531\u0566\u0563\u0561\u0575\u056b\u0576-\u053a\u0578\u0572\u0578\u057e\u0580\u0564\u0561\u057e\u0561\u0580\u0561\u056f\u0561\u0576 \u0532\u0587\u0565\u057c","description":"","publisher":{"@id":"https:\/\/ajbever.com\/fr\/#organization"},"potentialAction":[{"@type":"SearchAction","target":{"@type":"EntryPoint","urlTemplate":"https:\/\/ajbever.com\/fr\/?s={search_term_string}"},"query-input":{"@type":"PropertyValueSpecification","valueRequired":true,"valueName":"search_term_string"}}],"inLanguage":"fr-FR"},{"@type":"Organization","@id":"https:\/\/ajbever.com\/fr\/#organization","name":"\u0531\u0566\u0563\u0561\u0575\u056b\u0576-\u053a\u0578\u0572\u0578\u057e\u0580\u0564\u0561\u057e\u0561\u0580\u0561\u056f\u0561\u0576 \u0532\u0587\u0565\u057c","url":"https:\/\/ajbever.com\/fr\/","logo":{"@type":"ImageObject","inLanguage":"fr-FR","@id":"https:\/\/ajbever.com\/fr\/#\/schema\/logo\/image\/","url":"https:\/\/ajbever.com\/wp-content\/uploads\/2023\/04\/Logo.webp","contentUrl":"https:\/\/ajbever.com\/wp-content\/uploads\/2023\/04\/Logo.webp","width":200,"height":200,"caption":"\u0531\u0566\u0563\u0561\u0575\u056b\u0576-\u053a\u0578\u0572\u0578\u057e\u0580\u0564\u0561\u057e\u0561\u0580\u0561\u056f\u0561\u0576 \u0532\u0587\u0565\u057c"},"image":{"@id":"https:\/\/ajbever.com\/fr\/#\/schema\/logo\/image\/"},"sameAs":["https:\/\/www.facebook.com\/NatDemAlliance\/","https:\/\/t.me\/ajbever","https:\/\/www.youtube.com\/channel\/UC8RjjwNsx-AnN7s-_sSMXkw"]}]}},"campaignId":"","_links":{"self":[{"href":"https:\/\/ajbever.com\/fr\/wp-json\/wp\/v2\/pages\/27478","targetHints":{"allow":["GET"]}}],"collection":[{"href":"https:\/\/ajbever.com\/fr\/wp-json\/wp\/v2\/pages"}],"about":[{"href":"https:\/\/ajbever.com\/fr\/wp-json\/wp\/v2\/types\/page"}],"author":[{"embeddable":true,"href":"https:\/\/ajbever.com\/fr\/wp-json\/wp\/v2\/users\/1"}],"replies":[{"embeddable":true,"href":"https:\/\/ajbever.com\/fr\/wp-json\/wp\/v2\/comments?post=27478"}],"version-history":[{"count":1,"href":"https:\/\/ajbever.com\/fr\/wp-json\/wp\/v2\/pages\/27478\/revisions"}],"predecessor-version":[{"id":27479,"href":"https:\/\/ajbever.com\/fr\/wp-json\/wp\/v2\/pages\/27478\/revisions\/27479"}],"wp:featuredmedia":[{"embeddable":true,"href":"https:\/\/ajbever.com\/fr\/wp-json\/wp\/v2\/media\/27486"}],"wp:attachment":[{"href":"https:\/\/ajbever.com\/fr\/wp-json\/wp\/v2\/media?parent=27478"}],"curies":[{"name":"wp","href":"https:\/\/api.w.org\/{rel}","templated":true}]}}