{"version":"1.0","provider_name":"Ajbever","provider_url":"https:\/\/ajbever.com\/fr\/","author_name":"admin","author_url":"https:\/\/ajbever.com\/fr\/author\/admin_3i4xrlte\/","title":"\u00c0 l\u2019occasion de la Journ\u00e9e de la D\u00e9claration d\u2019Ind\u00e9pendance de l\u2019Arm\u00e9nie - Ajbever","type":"rich","width":600,"height":338,"html":"<blockquote class=\"wp-embedded-content\" data-secret=\"QJzaO5wVPE\"><a href=\"https:\/\/ajbever.com\/fr\/2025-08-23\/\">\u00c0 l\u2019occasion de la Journ\u00e9e de la D\u00e9claration d\u2019Ind\u00e9pendance de l\u2019Arm\u00e9nie<\/a><\/blockquote><iframe sandbox=\"allow-scripts\" security=\"restricted\" src=\"https:\/\/ajbever.com\/fr\/2025-08-23\/embed\/#?secret=QJzaO5wVPE\" width=\"600\" height=\"338\" title=\"\u00ab\u00a0\u00c0 l\u2019occasion de la Journ\u00e9e de la D\u00e9claration d\u2019Ind\u00e9pendance de l\u2019Arm\u00e9nie\u00a0\u00bb &#8212; Ajbever\" data-secret=\"QJzaO5wVPE\" frameborder=\"0\" marginwidth=\"0\" marginheight=\"0\" scrolling=\"no\" class=\"wp-embedded-content\"><\/iframe><script>\n\/*! This file is auto-generated *\/\n!function(d,l){\"use strict\";l.querySelector&&d.addEventListener&&\"undefined\"!=typeof URL&&(d.wp=d.wp||{},d.wp.receiveEmbedMessage||(d.wp.receiveEmbedMessage=function(e){var t=e.data;if((t||t.secret||t.message||t.value)&&!\/[^a-zA-Z0-9]\/.test(t.secret)){for(var s,r,n,a=l.querySelectorAll('iframe[data-secret=\"'+t.secret+'\"]'),o=l.querySelectorAll('blockquote[data-secret=\"'+t.secret+'\"]'),c=new RegExp(\"^https?:$\",\"i\"),i=0;i<o.length;i++)o[i].style.display=\"none\";for(i=0;i<a.length;i++)s=a[i],e.source===s.contentWindow&&(s.removeAttribute(\"style\"),\"height\"===t.message?(1e3<(r=parseInt(t.value,10))?r=1e3:~~r<200&&(r=200),s.height=r):\"link\"===t.message&&(r=new URL(s.getAttribute(\"src\")),n=new URL(t.value),c.test(n.protocol))&&n.host===r.host&&l.activeElement===s&&(d.top.location.href=t.value))}},d.addEventListener(\"message\",d.wp.receiveEmbedMessage,!1),l.addEventListener(\"DOMContentLoaded\",function(){for(var e,t,s=l.querySelectorAll(\"iframe.wp-embedded-content\"),r=0;r<s.length;r++)(t=(e=s[r]).getAttribute(\"data-secret\"))||(t=Math.random().toString(36).substring(2,12),e.src+=\"#?secret=\"+t,e.setAttribute(\"data-secret\",t)),e.contentWindow.postMessage({message:\"ready\",secret:t},\"*\")},!1)))}(window,document);\n\/\/# sourceURL=https:\/\/ajbever.com\/wp-includes\/js\/wp-embed.min.js\n<\/script>\n","thumbnail_url":"https:\/\/ajbever.com\/wp-content\/uploads\/2025\/08\/FI-Flag-1024x536.jpg","thumbnail_width":600,"thumbnail_height":314,"description":"Depuis des mill\u00e9naires, depuis l\u2019\u00e9poque du patriarche Hayk, l\u2019id\u00e9e d\u2019ind\u00e9pendance accompagne notre peuple. Ses paroles c\u00e9l\u00e8bres \u2013 \u00ab Je ne veux pas servir de tyran \u00bb \u2013 expriment des valeurs qui, au fil des si\u00e8cles de luttes, ont forg\u00e9 l\u2019identit\u00e9 arm\u00e9nienne. Cette continuit\u00e9 s\u2019est transmise jusqu\u2019\u00e0 nos jours et a trouv\u00e9 son expression dans la [&hellip;]"}